{"id":38,"date":"2012-12-31T16:08:36","date_gmt":"2012-12-31T15:08:36","guid":{"rendered":"http:\/\/ffw-hoehenkirchen.de\/?page_id=38"},"modified":"2024-02-17T15:01:37","modified_gmt":"2024-02-17T15:01:37","slug":"geschichte-der-feuerwehr","status":"publish","type":"page","link":"https:\/\/www.feuerwehr-hoehenkirchen.de\/index.php\/verein\/geschichte-der-feuerwehr\/","title":{"rendered":"Geschichte der Feuerwehr"},"content":{"rendered":"<p style=\"text-align: center;\"><strong>1873<\/strong><\/p>\n<p>Am 20. April waren die Feuerwehrleute aus H\u00f6henkirchen mit ihrer Spritze bei den L\u00f6scharbeiten w\u00e4hrend eines Gro\u00dfbrandes in Sauerlach beteiligt. Auch Kr\u00e4fte aus Altkirchen, Otterfing, Hofolding und Oberhaching waren zur Stelle. Dies ist der nachweislich erste Brandeinsatz der H\u00f6henkirchner Wehr. H\u00f6henkirchen hatte zu dieser Zeit nur 213 Einwohner und die Feuerwehrleute wurden durch das L\u00e4uten der Kirchenglocken alarmiert.<\/p>\n<p style=\"text-align: center;\">\u00a0<strong>1875<\/strong><\/p>\n<p>Die H\u00f6henkirchner Wehr wird in Dokumenten erstmals als Freiwillige Feuerwehr angef\u00fchrt. Sie hatte damals 39 Mitglieder. Nach m\u00fcndlichen \u00dcberlieferungen soll Philipp Hager Hauptmann gewesen sein. In den zwei Folgejahren wurden eine moderne Saug- und Druckspritze sowie Leitern und Feuerhaken angeschafft. F\u00fcr die neuen Ger\u00e4tschaften wurde ein Spritzenhaus an der Rosenheimer Stra\u00dfe gebaut.<\/p>\n<p style=\"text-align: center;\"><strong>1881<\/strong><\/p>\n<p>B\u00fcrgermeister Andreas P\u00f6ttinger (Bgm. bis 1892) l\u00f6st die Freiwillige Feuerwehr auf und stellt erneut eine Pflichtfeuerwehr auf.<\/p>\n<p style=\"text-align: center;\"><strong>1885<\/strong><\/p>\n<p>Die Freiwillige Feuerwehr wird neugegr\u00fcndet.<\/p>\n<p style=\"text-align: center;\"><strong>1898<\/strong><\/p>\n<p>Es wurde ein Tiefbrunnen gebohrt und eine Pumpstation mit Leitungsnetz errichtet. Bis dahin hatten die Einwohner kein flie\u00dfendes Wasser im Haus. F\u00fcr die Feuerwehr wurden Hydranten installiert. Somit war man bei der Brandbek\u00e4mpfung jetzt viel unabh\u00e4ngiger.<\/p>\n<p style=\"text-align: center;\"><strong>1901<\/strong><\/p>\n<p>Es wurde eine neue Schubleiter mit einer Gesamth\u00f6he von 12 Metern gekauft. 1903 wurde das Spritzenhaus f\u00fcr die neue Leiter erweitert. Von 1903 bis 1916 wurde die Feuerwehr zu acht Br\u00e4nden gerufen, die Anschaffung hatte sich gelohnt. F\u00fcr den Transport der Ausr\u00fcstung und der Mannschaft war ein eigener Pferdedienst eingeteilt. Ebenfalls Pferde wurden verwendet, um bei schlechter Sicht die Wehren aus den Nachbarorten herbeizurufen.<\/p>\n<p style=\"text-align: center;\"><strong>1914<\/strong><\/p>\n<p>Durch den Ersten Weltkrieg wurden viele Feuerwehren stark personell dezimiert, auch Feuerwehrleute aus H\u00f6henkirchen fielen auf den Kriegsschaupl\u00e4tzen.<\/p>\n<p style=\"text-align: center;\"><strong>1918<\/strong><\/p>\n<p>Nach dem Krieg wies die Feuerwehr einen Mitgliederstand von 45 Mann auf. H\u00f6henkirchen hatte zu dieser Zeit 427 Einwohner.<\/p>\n<p style=\"text-align: center;\"><strong>1936<\/strong><\/p>\n<p>Am 27. Juli ereignete sich die gr\u00f6\u00dfte Naturkatastrophe, die H\u00f6henkirchen je erlebt hatte. Durch einen Orkan mit verheerendem Hagelschlag\u00a0 wurden Scheunen eingerissen, starke B\u00e4ume entwurzelt und Eisenbahnwaggons umgeweht. H\u00f6henkirchen und Umgebung wurde zum Katastrophengebiet erkl\u00e4rt. Hunderte Helfer waren wochenlang mit den Aufr\u00e4umarbeiten besch\u00e4ftigt.<\/p>\n<p style=\"text-align: center;\"><strong>1939<\/strong><\/p>\n<p>Mit dem Gesetz \u00fcber das Feuerl\u00f6schwesen des nationalsozialistischen Regimes wurden 1939 alle Feuerwehrverb\u00e4nde und Vereine aufgel\u00f6st. Die Feuerwehr H\u00f6henkirchen z\u00e4hlte damals zu einer der besten des Landkreises.<\/p>\n<p style=\"text-align: center;\"><strong>1942<\/strong><\/p>\n<p>Die Feuerwehr bekommt einen anh\u00e4ngbaren Ger\u00e4tewagen mit einer Robel-Tragkraftspritze. Sie wurde auch bei L\u00f6scheins\u00e4tzen nach schweren Luftangriffen in M\u00fcnchen eingesetzt.<\/p>\n<p style=\"text-align: center;\"><strong>1944<\/strong><\/p>\n<p>W\u00e4hrend dieser Kriegsjahre bestand zus\u00e4tzlich eine Hitlerjugend-Feuerwehr in H\u00f6henkirchen. Junge Burschen zwischen 13 und 16 Jahren r\u00fcckten ebenfalls zu L\u00f6scharbeiten nach M\u00fcnchen aus. Zum Kriegsende gab es so wenige M\u00e4nner, dass zwei M\u00e4dchengruppen eingerichtet wurden. Sie bek\u00e4mpften aber nur einen Brand am 4. Mai 1945 in Siegertsbrunn. Nach dem Krieg kamen fast alle Aktivit\u00e4ten der Feuerwehr zum Erliegen. Die neue demokratische Freiheit und die Ablehnung von Uniform und Befehlen machten eine Feuerwehr funktionsunf\u00e4hig. Auch die Entfernung von ehemals Parteiangeh\u00f6rigen der NSDAP und die strengen Regeln der Besatzer machten den Freiwilligen Feuerwehren zu schaffen.<\/p>\n<p style=\"text-align: center;\"><strong>1945<\/strong><\/p>\n<p>Erst durch eine Mischung aus Freiwilliger Feuerwehr und Pflichtfeuerwehr konnte wieder Ordnung hergestellt werden. Nicht Aktive mussten hohe Betr\u00e4ge zahlen, um vom Feuerwehrdienst befreit zu sein.<\/p>\n<p style=\"text-align: center;\"><strong>1950<\/strong><\/p>\n<p>Die so gest\u00e4rkte Feuerwehr konnte sich gleich bei zahlreichen Brandeins\u00e4tzen bew\u00e4hren. Die Gemeinde erlebte in den f\u00fcnfziger Jahren eine unvorhergesene Entwicklung. Siedlungst\u00e4tigkeit, Aufschwung von Gewerbe und Industrie sowie der zunehmende Stra\u00dfenverkehr stellte die Wehr vor neue Aufgaben.<\/p>\n<p style=\"text-align: center;\"><strong>1960<\/strong><\/p>\n<p>Die Gemeinde baute ein neues Rathaus mit angebautem Feuerwehrhaus und Schlauchtrockenturm. Das neue Geb\u00e4ude wurde am 3. Dezember eingeweiht.<\/p>\n<p style=\"text-align: center;\"><strong>1961<\/strong><\/p>\n<p>Im Mai wurde der Feuerwehr ihr erstes L\u00f6schfahrzeug \u00fcbergeben. Es handelte sich um LF 8 der Marke Borgward. Es war mit sechs Atemschutzger\u00e4ten ausger\u00fcstet und ist heute noch fahrt\u00fcchtig und in der Hand der Feuerwehr. Im selben Jahr w\u00fctete ein verheerender Waldbrand im Hofoldinger Forst. Es wurde Gro\u00dfalarm f\u00fcr die Feuerwehren aus mehreren Landkreisen ausgel\u00f6st.<\/p>\n<p style=\"text-align: center;\"><strong>1962<\/strong><\/p>\n<p>Eine Vereinsfahne wurde angeschafft und am 22. Juli geweiht. Es wurde ein Fest mit dem Patenverein, der Hohenbrunner Feuerwehr, 39 weiteren Feuerwehren und andere Vereinen veranstaltet.<\/p>\n<p style=\"text-align: center;\"><strong>1968<\/strong><\/p>\n<p>An diesem Tag wurde die Feuerwehr zu ihrem ersten Verkehrsunfall alarmiert. Zwei PKW waren zusammengesto\u00dfen. Damals standen bereits drei Sirenen im Ort bereit.<\/p>\n<p style=\"text-align: center;\"><strong>1974<\/strong><\/p>\n<p>Das Feuerwehrhaus wird im Laufe der Jahre erweitert und eine Atemschutzwerkstatt eingerichtet.<\/p>\n<p style=\"text-align: center;\"><strong>1975<\/strong><\/p>\n<p>1975 wird das 100-J\u00e4hrige Jubil\u00e4um mit mehrt\u00e4gigem Festprogramm gefeiert. Bei den Feierlichkeiten wurde der Feuerwehr ein TLF 16 \u00fcbergeben, dass bis 2005 im Dienst war. In den folgenden Jahren gab es etliche Gro\u00dfbr\u00e4nde in H\u00f6henkirchen. Vier von ihnen wurden durch einen Brandstifter verursacht, der erst sp\u00e4ter in Aying gefasst wurde.<img loading=\"lazy\" decoding=\"async\" class=\"size-medium wp-image-684 aligncenter\" src=\"https:\/\/www.feuerwehrhoehenkirchen.de\/wp-content\/uploads\/2012\/12\/FLORIAN2-e1672913618406-300x229.jpg\" alt=\"\" width=\"300\" height=\"229\" srcset=\"https:\/\/www.feuerwehr-hoehenkirchen.de\/wp-content\/uploads\/2012\/12\/FLORIAN2-e1672913618406-300x229.jpg 300w, https:\/\/www.feuerwehr-hoehenkirchen.de\/wp-content\/uploads\/2012\/12\/FLORIAN2-e1672913618406.jpg 500w\" sizes=\"(max-width: 300px) 100vw, 300px\" \/><\/p>\n<p style=\"text-align: center;\"><strong>1978<\/strong><\/p>\n<p>Ende der 70er Jahre wurden sog. Funkalarmempf\u00e4nger eingef\u00fchrt. Die Einsatzkr\u00e4fte werden jetzt nicht mehr vorrangig durch die Sirene alarmiert sondern tragen eigene Ger\u00e4te mit sich, die sie zu Eins\u00e4tzen alarmieren. Eine weitere technische Errungenschaft war der hydraulische Rettungssatz aus Schere und Spreizer. Bei Verkehrsunf\u00e4llen konnte jetzt schnelle und patientengerechte Hilfe gew\u00e4hrleistet werden.<\/p>\n<p style=\"text-align: center;\"><strong>1982<\/strong><\/p>\n<p>Den H\u00f6henkirchner Feuerwehrleuten wird ein neuer Ger\u00e4tewagen zur Verf\u00fcgung gestellt.<img loading=\"lazy\" decoding=\"async\" class=\"size-medium wp-image-607 aligncenter\" src=\"https:\/\/www.feuerwehrhoehenkirchen.de\/wp-content\/uploads\/2012\/12\/FLORIAN5-300x239.jpg\" alt=\"\" width=\"300\" height=\"239\" srcset=\"https:\/\/www.feuerwehr-hoehenkirchen.de\/wp-content\/uploads\/2012\/12\/FLORIAN5-300x239.jpg 300w, https:\/\/www.feuerwehr-hoehenkirchen.de\/wp-content\/uploads\/2012\/12\/FLORIAN5.jpg 500w\" sizes=\"(max-width: 300px) 100vw, 300px\" \/><\/p>\n<p style=\"text-align: center;\"><strong>1987<\/strong><\/p>\n<p>Ein LF 8 wird als Ersatz f\u00fcr das alte Fahrzeug gekauft und in Dienst gestellt. Es war bis 2011 im Einsatz. Eine neue Brandserie ersch\u00fcttert den Ort.<\/p>\n<p><img loading=\"lazy\" decoding=\"async\" class=\"size-medium wp-image-606 aligncenter\" src=\"https:\/\/www.feuerwehrhoehenkirchen.de\/wp-content\/uploads\/2012\/12\/FLORIAN4-300x248.jpg\" alt=\"\" width=\"300\" height=\"248\" srcset=\"https:\/\/www.feuerwehr-hoehenkirchen.de\/wp-content\/uploads\/2012\/12\/FLORIAN4-300x248.jpg 300w, https:\/\/www.feuerwehr-hoehenkirchen.de\/wp-content\/uploads\/2012\/12\/FLORIAN4.jpg 500w\" sizes=\"(max-width: 300px) 100vw, 300px\" \/><\/p>\n<p style=\"text-align: center;\"><strong>80er<\/strong><\/p>\n<p>Der Autobahnabschnitt zwischen Hofolding und Brunnthaldreieck wird der H\u00f6henkirchner Wehr zugeteilt. Dies bedeutete viele Eins\u00e4tze auf der A8 und eine damit wachsende psychische Belastung der Einsatzkr\u00e4fte. Im selben Jahr fegte der Orkan Wiebke \u00fcber Bayern hinweg. Die Feuerwehrleute waren 36 Stunden im Dauereinsatz.<\/p>\n<p style=\"text-align: center;\"><strong>2000<\/strong><\/p>\n<p>\u00a0An diesem historischen Tag wurde das neue Feuerwehrhaus in der Altlaufstra\u00dfe eingeweiht. Seit 1986 war ein neues Ger\u00e4tehaus dringend notwendig.<\/p>\n<p><img loading=\"lazy\" decoding=\"async\" class=\"size-medium wp-image-608 aligncenter\" src=\"https:\/\/www.feuerwehrhoehenkirchen.de\/wp-content\/uploads\/2012\/12\/TITELNEU-300x199.jpg\" alt=\"\" width=\"300\" height=\"199\" srcset=\"https:\/\/www.feuerwehr-hoehenkirchen.de\/wp-content\/uploads\/2012\/12\/TITELNEU-300x199.jpg 300w, https:\/\/www.feuerwehr-hoehenkirchen.de\/wp-content\/uploads\/2012\/12\/TITELNEU.jpg 500w\" sizes=\"(max-width: 300px) 100vw, 300px\" \/><\/p>\n<p style=\"text-align: center;\"><strong>2005<\/strong><\/p>\n<p>Ein neues <a href=\"https:\/\/www.feuerwehrhoehenkirchen.de\/index.php\/technik\/lf-1612\/\">LF 16\/12<\/a> wird beschafft und ersetzt das alte TLF.<\/p>\n<p style=\"text-align: center;\"><strong>2008<\/strong><\/p>\n<p>Der alte Mannschaftstransporter wird durch ein VW Mehrzweckfahrzeug der Polizei ersetzt. Zus\u00e4tzlich erh\u00e4lt die Feuerwehr einen Einsatzleitwagen desselben Typs.<\/p>\n<p style=\"text-align: center;\"><strong>2011<\/strong><\/p>\n<p>Das LF 8 wird durch ein modernes <a href=\"https:\/\/www.feuerwehrhoehenkirchen.de\/index.php\/technik\/hlf-2016\/\">HLF 20\/16<\/a> der Firma Lentner ersetzt, welches im Mai 2012 geweiht wird.<\/p>\n<p style=\"text-align: center;\"><strong>2012<\/strong><\/p>\n<p>50j\u00e4hriges Fahnenjubil\u00e4um unserer Vereinsfahne. Beim Festgottesdienst anl\u00e4sslich dieses Jubil\u00e4ums wurde uns von unserem Patenverein der FF Hohenbrunn e.V. ein neues royalblaues Fahnenband gestiftet.<\/p>\n<p style=\"text-align: center;\"><strong>2014<\/strong><\/p>\n<p>Ein neuer <a href=\"https:\/\/mbuchner.de\/technik\/1043-2\/\">Ger\u00e4tewagen<\/a> Logistik des Typ 2 ersetzt den bereits ausser Dienst gestellten Ger\u00e4tewagen. Er wird am 11. Oktober anl\u00e4sslich des Tages der offenen T\u00fcr geweiht.<\/p>\n<p style=\"text-align: center;\"><strong>2015<\/strong><\/p>\n<p>Der Freiwillige Feuerwehr H\u00f6henkirchen e.V. gr\u00fcndet die <a href=\"https:\/\/www.feuerwehrhoehenkirchen.de\/index.php\/uber-uns\/kinderfeuerwehr\/\">Kinderfeuerwehr<\/a> &#8220;Die Feuertiger&#8221;<\/p>\n","protected":false},"excerpt":{"rendered":"<p>1873 Am 20. April waren die Feuerwehrleute aus H\u00f6henkirchen mit ihrer Spritze bei den L\u00f6scharbeiten [&hellip;]<\/p>\n","protected":false},"author":2,"featured_media":0,"parent":36,"menu_order":8,"comment_status":"closed","ping_status":"closed","template":"","meta":{"footnotes":""},"class_list":["post-38","page","type-page","status-publish","hentry"],"rttpg_featured_image_url":null,"rttpg_author":{"display_name":"Max Buchner","author_link":"https:\/\/www.feuerwehr-hoehenkirchen.de\/index.php\/author\/mbuchner\/"},"rttpg_comment":0,"rttpg_category":null,"rttpg_excerpt":"1873 Am 20. April waren die Feuerwehrleute aus H\u00f6henkirchen mit ihrer Spritze bei den L\u00f6scharbeiten [&hellip;]","_links":{"self":[{"href":"https:\/\/www.feuerwehr-hoehenkirchen.de\/index.php\/wp-json\/wp\/v2\/pages\/38"}],"collection":[{"href":"https:\/\/www.feuerwehr-hoehenkirchen.de\/index.php\/wp-json\/wp\/v2\/pages"}],"about":[{"href":"https:\/\/www.feuerwehr-hoehenkirchen.de\/index.php\/wp-json\/wp\/v2\/types\/page"}],"author":[{"embeddable":true,"href":"https:\/\/www.feuerwehr-hoehenkirchen.de\/index.php\/wp-json\/wp\/v2\/users\/2"}],"replies":[{"embeddable":true,"href":"https:\/\/www.feuerwehr-hoehenkirchen.de\/index.php\/wp-json\/wp\/v2\/comments?post=38"}],"version-history":[{"count":1,"href":"https:\/\/www.feuerwehr-hoehenkirchen.de\/index.php\/wp-json\/wp\/v2\/pages\/38\/revisions"}],"predecessor-version":[{"id":2956,"href":"https:\/\/www.feuerwehr-hoehenkirchen.de\/index.php\/wp-json\/wp\/v2\/pages\/38\/revisions\/2956"}],"up":[{"embeddable":true,"href":"https:\/\/www.feuerwehr-hoehenkirchen.de\/index.php\/wp-json\/wp\/v2\/pages\/36"}],"wp:attachment":[{"href":"https:\/\/www.feuerwehr-hoehenkirchen.de\/index.php\/wp-json\/wp\/v2\/media?parent=38"}],"curies":[{"name":"wp","href":"https:\/\/api.w.org\/{rel}","templated":true}]}}